{"id":410,"date":"2024-03-19T09:08:59","date_gmt":"2024-03-19T09:08:59","guid":{"rendered":"https:\/\/www.carlacarvalhodias.com\/politica-privacidade\/"},"modified":"2024-04-04T10:48:07","modified_gmt":"2024-04-04T10:48:07","slug":"politica-privacidade","status":"publish","type":"page","link":"https:\/\/www.carlacarvalhodias.com\/en\/politica-privacidade\/","title":{"rendered":"Privacy policy"},"content":{"rendered":"<p>[vc_row el_class=&#8221;wrapper-video .video-casos-sucesso&#8221;][vc_column][vc_column_text]<div class=\"container-video\">\n\t\t\t\t\t<video playsinline preload=\"auto\" autoplay muted loop poster=\"\">\n                    \t<source src=\"\" type=\"video\/mp4\" width=\"100%\" height=\"100%\">\n                  \t<\/video>\n\t\t\t\t<\/div>[\/vc_column_text][vc_row_inner el_class=&#8221;content-inside&#8221;][vc_column_inner][vc_custom_heading text=&#8221;Privacy Policy&#8221; font_container=&#8221;tag:h1|text_align:left&#8221; use_theme_fonts=&#8221;yes&#8221;][vc_column_text]<\/p>\n<h4>Protecting your personal information.<\/h4>\n<p>[\/vc_column_text][\/vc_column_inner][\/vc_row_inner][\/vc_column][\/vc_row][vc_row el_class=&#8221;casos-sucesso politica&#8221;][vc_column][vc_column_text el_class=&#8221;politica-section&#8221;]<\/p>\n<h4>Quem somos<\/h4>\n<p class=\"privacy-policy-tutorial\">Nesta sec\u00e7\u00e3o deve anotar o URL do seu site, assim como o nome da empresa, organiza\u00e7\u00e3o, ou indiv\u00edduo por detr\u00e1s da mesma, e ainda alguma informa\u00e7\u00e3o precisa de contacto.<\/p>\n<p class=\"privacy-policy-tutorial\">A quantidade de informa\u00e7\u00e3o que ser\u00e1 obrigado a mostrar pode variar dependendo da regulamenta\u00e7\u00e3o comercial do seu pa\u00eds ou regi\u00e3o. Pode, por exemplo, ser obrigado a mostrar o seu endere\u00e7o f\u00edsico, um endere\u00e7o registado, ou o n\u00famero de registo da sua empresa.<\/p>\n<h4>Que dados pessoais s\u00e3o recolhidos e porqu\u00ea<\/h4>\n<p class=\"privacy-policy-tutorial\">Nesta sec\u00e7\u00e3o dever\u00e1 informar os dados pessoais que recolhe dos utilizadores e dos visitantes do site. Isto poder\u00e1 incluir dados pessoais, como nome, endere\u00e7o de email, prefer\u00eancias pessoais da conta; dados transaccionais, como informa\u00e7\u00e3o de compras; e dados t\u00e9cnicos, como a informa\u00e7\u00e3o sobre os cookies.<\/p>\n<p class=\"privacy-policy-tutorial\">Dever\u00e1 indicar qualquer recolha e conserva\u00e7\u00e3o de dados pessoais sens\u00edveis, como os dados relativos ao diagn\u00f3stico.<\/p>\n<p class=\"privacy-policy-tutorial\">Al\u00e9m de listar que dados pessoais s\u00e3o recolhidos, dever\u00e1 indicar a raz\u00e3o para que s\u00e3o recolhidos. Estas explica\u00e7\u00f5es devem indicar a base legal para a recolha e conserva\u00e7\u00e3o dos dados ou o consentimento dado pelo utilizador.<\/p>\n<p class=\"privacy-policy-tutorial\">Os dados pessoais n\u00e3o s\u00e3o criados apenas pela interac\u00e7\u00e3o dos utilizadores com o site. Os dados pessoais s\u00e3o criados mediante processos t\u00e9cnicos como os formul\u00e1rios de contacto, coment\u00e1rios, cookies, dados anal\u00edticos, e incorpora\u00e7\u00e3o de terceiros.<\/p>\n<p class=\"privacy-policy-tutorial\">Por omiss\u00e3o, o WordPress n\u00e3o recolhe quaisquer dados anal\u00edticos pessoais dos visitantes e apenas recolhe os dados dispon\u00edveis no perfil do utilizador de utilizadores registados. No entanto, alguns dos seus plugins poder\u00e3o recolher dados pessoais. Dever\u00e1 adicionar abaixo a informa\u00e7\u00e3o relevante.<\/p>\n<h4>Coment\u00e1rios<\/h4>\n<p class=\"privacy-policy-tutorial\">Nesta subsec\u00e7\u00e3o deve indicar que informa\u00e7\u00e3o \u00e9 capturada atrav\u00e9s de coment\u00e1rios. Por omiss\u00e3o, est\u00e3o indicados os dados recolhidos pelo WordPress.<\/p>\n<h4>Multim\u00e9dia<\/h4>\n<p class=\"privacy-policy-tutorial\">Nesta subsec\u00e7\u00e3o deve anotar que informa\u00e7\u00e3o poder\u00e1 ser divulgada por utilizadores que podem carregar ficheiros multim\u00e9dia. Todos os ficheiros carregados s\u00e3o, por norma, acess\u00edveis publicamente.<\/p>\n<h4>Formul\u00e1rios de contacto<\/h4>\n<p class=\"privacy-policy-tutorial\">Por omiss\u00e3o, o WordPress n\u00e3o inclui um formul\u00e1rio de contacto. Se usa um plugin de formul\u00e1rios de contacto, utilize esta subsec\u00e7\u00e3o para informar que dados pessoais s\u00e3o guardados e por quanto tempo, quando algu\u00e9m utiliza um formul\u00e1rio de contacto. Poder\u00e1 informar, por exemplo, que guarda essa informa\u00e7\u00e3o durante um certo per\u00edodo de tempo para fins de apoio ao cliente, mas que n\u00e3o \u00e9 utilizada para efeitos de marketing.<\/p>\n<h4>Cookies<\/h4>\n<p class=\"privacy-policy-tutorial\">Nesta subsec\u00e7\u00e3o dever\u00e3o ser listados os cookies utilizados pelo seu site, incluindo os que s\u00e3o definidos pelos plugins, redes sociais e dados anal\u00edticos. Os cookies instalados pelo WordPress s\u00e3o fornecidos por omiss\u00e3o.<\/p>\n<h4>Dados anal\u00edticos<\/h4>\n<p class=\"privacy-policy-tutorial\">Nesta subsec\u00e7\u00e3o deve anotar quais os pacotes de dados anal\u00edticos que utiliza, como os utilizadores se podem excluir do rastreio de dados, e uma liga\u00e7\u00e3o para a pol\u00edtica de privacidade do fornecedor de dados anal\u00edticos, se aplic\u00e1vel.<\/p>\n<p class=\"privacy-policy-tutorial\">Por omiss\u00e3o, o WordPress n\u00e3o recolhe quaisquer dados anal\u00edticos. No entanto, muitas contas de alojamento na internet recolhem alguns dados anal\u00edticos an\u00f3nimos. Poder\u00e1 tamb\u00e9m ter um plugin do WordPress instalado que forne\u00e7a servi\u00e7os anal\u00edticos. Nesse caso, adicione aqui informa\u00e7\u00e3o sobre esse plugin.<\/p>\n<h4>Com quem s\u00e3o partilhados os seus dados<\/h4>\n<p class=\"privacy-policy-tutorial\">Nesta sec\u00e7\u00e3o dever\u00e1 nomear e listar todos os terceiros com quem partilha os dados do site, incluindo parceiros, servi\u00e7os na nuvem, processadores de pagamentos e fornecedores, definir quais os dados partilhados e porqu\u00ea. Coloque uma liga\u00e7\u00e3o para as pol\u00edticas de privacidade desses terceiros, sempre que poss\u00edvel.<\/p>\n<p class=\"privacy-policy-tutorial\">Por omiss\u00e3o, o WordPress n\u00e3o partilha quaisquer dados pessoais com ningu\u00e9m.<\/p>\n<h4>Por quanto tempo s\u00e3o retidos os seus dados<\/h4>\n<p class=\"privacy-policy-tutorial\">Nesta sec\u00e7\u00e3o dever\u00e1 explicar por quanto tempo vai guardar os dados pessoais recolhidos ou processados pelo site. Embora seja da sua responsabilidade a cria\u00e7\u00e3o do calend\u00e1rio de por quanto tempo ser\u00e1 guardado cada conjunto de dados e o porqu\u00ea de os guardar, essa informa\u00e7\u00e3o n\u00e3o tem de estar listada aqui. Por exemplo, pode querer dizer que as entradas do formul\u00e1rio de contactos v\u00e3o ser guardadas por seis meses, registos anal\u00edticos por um ano, e registos de compras de clientes por dez anos.<\/p>\n<h4>Que direitos tem sobre os seus dados<\/h4>\n<p class=\"privacy-policy-tutorial\">Nesta sec\u00e7\u00e3o deve explicar quais os direitos que os utilizadores t\u00eam sobre os seus dados e como podem invocar esses direitos.<\/p>\n<h4>Para onde os seus dados s\u00e3o enviados<\/h4>\n<p class=\"privacy-policy-tutorial\">Nesta sec\u00e7\u00e3o deve listar todas as transfer\u00eancias de dados do seu site para fora da Uni\u00e3o Europeia e descrever os meios pelos quais esses dados s\u00e3o salvaguardados para os padr\u00f5es de protec\u00e7\u00e3o de dados na Europa. Isto pode incluir o seu alojamento web, armazenamento na nuvem, ou outros servi\u00e7os de terceiros.<\/p>\n<p class=\"privacy-policy-tutorial\">A lei de protec\u00e7\u00e3o de dados europeia, requer que os dados sobre residentes europeus que sejam transferidos para fora da Uni\u00e3o Europeia, sejam tratados com as mesmos padr\u00f5es como se estivessem na Europa. Por isso, para al\u00e9m de listar para onde os dados v\u00e3o, deve descrever como assegura esses padr\u00f5es s\u00e3o garantidos por si ou por um fornecedor terceiro, quer seja por um acordo como um Escudo de Privacidade, cl\u00e1usulas modelo nos seus contratos ou regras corporativas vinculativas.<\/p>\n<h4>Informa\u00e7\u00e3o de contacto<\/h4>\n<p class=\"privacy-policy-tutorial\">Nesta sec\u00e7\u00e3o deve fornecer um meio de contacto para quest\u00f5es relativas a privacidade. Se for obrigado a ter um Encarregado da Protec\u00e7\u00e3o de Dados, indique o nome e a informa\u00e7\u00e3o de contacto completa.<\/p>\n<h4>Informa\u00e7\u00f5es adicionais<\/h4>\n<p class=\"privacy-policy-tutorial\">Se utilizar o seu site para fins comerciais e se envolver em recolha ou processamento de dados pessoais mais complexos, deve indicar essa informa\u00e7\u00e3o na sua pol\u00edtica de privacidade al\u00e9m da informa\u00e7\u00e3o previamente discutida.<\/p>\n<h4>Como s\u00e3o protegidos os seus dados<\/h4>\n<p class=\"privacy-policy-tutorial\">Nesta sec\u00e7\u00e3o deve explicar que medidas foram tomadas para proteger os dados dos utilizadores. Isso poder\u00e1 incluir medidas t\u00e9cnicas como encripta\u00e7\u00e3o, medidas de seguran\u00e7a como autentica\u00e7\u00e3o de dois factores e instru\u00e7\u00e3o de profissionais em protec\u00e7\u00e3o de dados. Se foi realizada uma avalia\u00e7\u00e3o de impacto de privacidade, poder\u00e1 mencion\u00e1-la aqui.<\/p>\n<h4>Procedimentos previstos perante uma viola\u00e7\u00e3o de dados<\/h4>\n<p class=\"privacy-policy-tutorial\">Nesta sec\u00e7\u00e3o deve explicar quais os procedimentos previstos para lidar com viola\u00e7\u00e3o de dados, tanto potenciais quanto reais, como sistemas de relat\u00f3rios internos, mecanismos de contacto, ou recompensas por correc\u00e7\u00e3o de bugs.<\/p>\n<h4>De que terceiros recebemos dados<\/h4>\n<p class=\"privacy-policy-tutorial\">Se o seu site receber dados de utilizadores de terceiros, incluindo anunciantes, esta informa\u00e7\u00e3o tem de estar inclu\u00edda na sec\u00e7\u00e3o relativa aos dados de terceiros, na pol\u00edtica de privacidade.<\/p>\n<h4>Que decis\u00f5es e\/ou defini\u00e7\u00f5es de perfil automatizadas n\u00f3s fazemos com os dados de utilizador<\/h4>\n<p class=\"privacy-policy-tutorial\">Se o seu site fornecer um servi\u00e7o que inclua toma de decis\u00f5es automatizadas &#8211; por exemplo, para permitir que os clientes solicitem cr\u00e9dito ou agreguem os seus dados num perfil de publicidade &#8211; deve indicar que isso est\u00e1 a ocorrer e incluir informa\u00e7\u00f5es sobre como essas informa\u00e7\u00f5es s\u00e3o usadas, que decis\u00f5es s\u00e3o tomadas com os respectivos dados agregados e que direitos os utilizadores t\u00eam sobre as decis\u00f5es tomadas sem interven\u00e7\u00e3o humana.<\/p>\n<h4>Requisitos de comunica\u00e7\u00e3o do sector regulamentado<\/h4>\n<p class=\"privacy-policy-tutorial\">Se for membro de um sector regulamentado, ou estiver sujeito a leis de privacidade adicionais, poder\u00e1 ser obrigado a comunicar essas informa\u00e7\u00f5es aqui.<\/p>\n<p>[\/vc_column_text][\/vc_column][\/vc_row]<\/p>\n","protected":false},"excerpt":{"rendered":"<p>[vc_row el_class=&#8221;wrapper-video .video-casos-sucesso&#8221;][vc_column][vc_column_text][\/vc_column_text][vc_row_inner el_class=&#8221;content-inside&#8221;][vc_column_inner][vc_custom_heading text=&#8221;Privacy Policy&#8221; font_container=&#8221;tag:h1|text_align:left&#8221; use_theme_fonts=&#8221;yes&#8221;][vc_column_text] Protecting your personal information. [\/vc_column_text][\/vc_column_inner][\/vc_row_inner][\/vc_column][\/vc_row][vc_row el_class=&#8221;casos-sucesso politica&#8221;][vc_column][vc_column_text el_class=&#8221;politica-section&#8221;] Quem somos Nesta sec\u00e7\u00e3o deve anotar o URL do seu site, assim como o nome da empresa, organiza\u00e7\u00e3o, ou indiv\u00edduo por detr\u00e1s da mesma, e ainda alguma informa\u00e7\u00e3o precisa de contacto. A quantidade de informa\u00e7\u00e3o que ser\u00e1 obrigado a [&hellip;]<\/p>\n","protected":false},"author":1,"featured_media":0,"parent":0,"menu_order":0,"comment_status":"closed","ping_status":"open","template":"","meta":{"_monsterinsights_skip_tracking":false,"_monsterinsights_sitenote_active":false,"_monsterinsights_sitenote_note":"","_monsterinsights_sitenote_category":0,"footnotes":""},"class_list":["post-410","page","type-page","status-publish","hentry"],"yoast_head":"<!-- This site is optimized with the Yoast SEO plugin v27.5 - https:\/\/yoast.com\/product\/yoast-seo-wordpress\/ -->\n<title>Privacy policy - Carla Carvalho Dias<\/title>\n<meta name=\"robots\" content=\"index, follow, max-snippet:-1, max-image-preview:large, max-video-preview:-1\" \/>\n<link rel=\"canonical\" href=\"https:\/\/www.carlacarvalhodias.com\/en\/politica-privacidade\/\" \/>\n<meta property=\"og:locale\" content=\"en_US\" \/>\n<meta property=\"og:type\" content=\"article\" \/>\n<meta property=\"og:title\" content=\"Privacy policy - Carla Carvalho Dias\" \/>\n<meta property=\"og:description\" content=\"[vc_row el_class=&#8221;wrapper-video .video-casos-sucesso&#8221;][vc_column][vc_column_text][\/vc_column_text][vc_row_inner el_class=&#8221;content-inside&#8221;][vc_column_inner][vc_custom_heading text=&#8221;Privacy Policy&#8221; font_container=&#8221;tag:h1|text_align:left&#8221; use_theme_fonts=&#8221;yes&#8221;][vc_column_text] Protecting your personal information. [\/vc_column_text][\/vc_column_inner][\/vc_row_inner][\/vc_column][\/vc_row][vc_row el_class=&#8221;casos-sucesso politica&#8221;][vc_column][vc_column_text el_class=&#8221;politica-section&#8221;] Quem somos Nesta sec\u00e7\u00e3o deve anotar o URL do seu site, assim como o nome da empresa, organiza\u00e7\u00e3o, ou indiv\u00edduo por detr\u00e1s da mesma, e ainda alguma informa\u00e7\u00e3o precisa de contacto. A quantidade de informa\u00e7\u00e3o que ser\u00e1 obrigado a [&hellip;]\" \/>\n<meta property=\"og:url\" content=\"https:\/\/www.carlacarvalhodias.com\/en\/politica-privacidade\/\" \/>\n<meta property=\"og:site_name\" content=\"Carla Carvalho Dias\" \/>\n<meta property=\"article:publisher\" content=\"https:\/\/www.facebook.com\/carlacarvdias\" \/>\n<meta property=\"article:modified_time\" content=\"2024-04-04T10:48:07+00:00\" \/>\n<meta name=\"twitter:card\" content=\"summary_large_image\" \/>\n<meta name=\"twitter:label1\" content=\"Est. reading time\" \/>\n\t<meta name=\"twitter:data1\" content=\"7 minutes\" \/>\n<script type=\"application\/ld+json\" class=\"yoast-schema-graph\">{\"@context\":\"https:\\\/\\\/schema.org\",\"@graph\":[{\"@type\":\"WebPage\",\"@id\":\"https:\\\/\\\/www.carlacarvalhodias.com\\\/en\\\/politica-privacidade\\\/\",\"url\":\"https:\\\/\\\/www.carlacarvalhodias.com\\\/en\\\/politica-privacidade\\\/\",\"name\":\"Privacy policy - Carla Carvalho Dias\",\"isPartOf\":{\"@id\":\"https:\\\/\\\/www.carlacarvalhodias.com\\\/en\\\/#website\"},\"datePublished\":\"2024-03-19T09:08:59+00:00\",\"dateModified\":\"2024-04-04T10:48:07+00:00\",\"breadcrumb\":{\"@id\":\"https:\\\/\\\/www.carlacarvalhodias.com\\\/en\\\/politica-privacidade\\\/#breadcrumb\"},\"inLanguage\":\"en-US\",\"potentialAction\":[{\"@type\":\"ReadAction\",\"target\":[\"https:\\\/\\\/www.carlacarvalhodias.com\\\/en\\\/politica-privacidade\\\/\"]}]},{\"@type\":\"BreadcrumbList\",\"@id\":\"https:\\\/\\\/www.carlacarvalhodias.com\\\/en\\\/politica-privacidade\\\/#breadcrumb\",\"itemListElement\":[{\"@type\":\"ListItem\",\"position\":1,\"name\":\"In\u00edcio\",\"item\":\"https:\\\/\\\/www.carlacarvalhodias.com\\\/en\\\/\"},{\"@type\":\"ListItem\",\"position\":2,\"name\":\"Privacy policy\"}]},{\"@type\":\"WebSite\",\"@id\":\"https:\\\/\\\/www.carlacarvalhodias.com\\\/en\\\/#website\",\"url\":\"https:\\\/\\\/www.carlacarvalhodias.com\\\/en\\\/\",\"name\":\"Carla Carvalho Dias\",\"description\":\"\",\"publisher\":{\"@id\":\"https:\\\/\\\/www.carlacarvalhodias.com\\\/en\\\/#\\\/schema\\\/person\\\/a47ef3cc1ae402ffafc38c851107e476\"},\"potentialAction\":[{\"@type\":\"SearchAction\",\"target\":{\"@type\":\"EntryPoint\",\"urlTemplate\":\"https:\\\/\\\/www.carlacarvalhodias.com\\\/en\\\/?s={search_term_string}\"},\"query-input\":{\"@type\":\"PropertyValueSpecification\",\"valueRequired\":true,\"valueName\":\"search_term_string\"}}],\"inLanguage\":\"en-US\"},{\"@type\":[\"Person\",\"Organization\"],\"@id\":\"https:\\\/\\\/www.carlacarvalhodias.com\\\/en\\\/#\\\/schema\\\/person\\\/a47ef3cc1ae402ffafc38c851107e476\",\"name\":\"wevolved\",\"image\":{\"@type\":\"ImageObject\",\"inLanguage\":\"en-US\",\"@id\":\"https:\\\/\\\/secure.gravatar.com\\\/avatar\\\/161dfdc13024ad98cb4131fc501d56d9a1ff104fdd337423918c534b33b8fd9e?s=96&d=mm&r=g\",\"url\":\"https:\\\/\\\/secure.gravatar.com\\\/avatar\\\/161dfdc13024ad98cb4131fc501d56d9a1ff104fdd337423918c534b33b8fd9e?s=96&d=mm&r=g\",\"contentUrl\":\"https:\\\/\\\/secure.gravatar.com\\\/avatar\\\/161dfdc13024ad98cb4131fc501d56d9a1ff104fdd337423918c534b33b8fd9e?s=96&d=mm&r=g\",\"caption\":\"wevolved\"},\"logo\":{\"@id\":\"https:\\\/\\\/secure.gravatar.com\\\/avatar\\\/161dfdc13024ad98cb4131fc501d56d9a1ff104fdd337423918c534b33b8fd9e?s=96&d=mm&r=g\"},\"sameAs\":[\"https:\\\/\\\/www.carlacarvalhodias.com\",\"https:\\\/\\\/www.facebook.com\\\/carlacarvdias\",\"https:\\\/\\\/www.instagram.com\\\/carlacarvalhodias_oficial\\\/\",\"https:\\\/\\\/www.linkedin.com\\\/in\\\/carlacarvalhodias\\\/\",\"https:\\\/\\\/www.youtube.com\\\/c\\\/CarlaCarvalhoDias_CCD\\\/featured\"]}]}<\/script>\n<!-- \/ Yoast SEO plugin. -->","yoast_head_json":{"title":"Privacy policy - Carla Carvalho Dias","robots":{"index":"index","follow":"follow","max-snippet":"max-snippet:-1","max-image-preview":"max-image-preview:large","max-video-preview":"max-video-preview:-1"},"canonical":"https:\/\/www.carlacarvalhodias.com\/en\/politica-privacidade\/","og_locale":"en_US","og_type":"article","og_title":"Privacy policy - Carla Carvalho Dias","og_description":"[vc_row el_class=&#8221;wrapper-video .video-casos-sucesso&#8221;][vc_column][vc_column_text][\/vc_column_text][vc_row_inner el_class=&#8221;content-inside&#8221;][vc_column_inner][vc_custom_heading text=&#8221;Privacy Policy&#8221; font_container=&#8221;tag:h1|text_align:left&#8221; use_theme_fonts=&#8221;yes&#8221;][vc_column_text] Protecting your personal information. [\/vc_column_text][\/vc_column_inner][\/vc_row_inner][\/vc_column][\/vc_row][vc_row el_class=&#8221;casos-sucesso politica&#8221;][vc_column][vc_column_text el_class=&#8221;politica-section&#8221;] Quem somos Nesta sec\u00e7\u00e3o deve anotar o URL do seu site, assim como o nome da empresa, organiza\u00e7\u00e3o, ou indiv\u00edduo por detr\u00e1s da mesma, e ainda alguma informa\u00e7\u00e3o precisa de contacto. A quantidade de informa\u00e7\u00e3o que ser\u00e1 obrigado a [&hellip;]","og_url":"https:\/\/www.carlacarvalhodias.com\/en\/politica-privacidade\/","og_site_name":"Carla Carvalho Dias","article_publisher":"https:\/\/www.facebook.com\/carlacarvdias","article_modified_time":"2024-04-04T10:48:07+00:00","twitter_card":"summary_large_image","twitter_misc":{"Est. reading time":"7 minutes"},"schema":{"@context":"https:\/\/schema.org","@graph":[{"@type":"WebPage","@id":"https:\/\/www.carlacarvalhodias.com\/en\/politica-privacidade\/","url":"https:\/\/www.carlacarvalhodias.com\/en\/politica-privacidade\/","name":"Privacy policy - Carla Carvalho Dias","isPartOf":{"@id":"https:\/\/www.carlacarvalhodias.com\/en\/#website"},"datePublished":"2024-03-19T09:08:59+00:00","dateModified":"2024-04-04T10:48:07+00:00","breadcrumb":{"@id":"https:\/\/www.carlacarvalhodias.com\/en\/politica-privacidade\/#breadcrumb"},"inLanguage":"en-US","potentialAction":[{"@type":"ReadAction","target":["https:\/\/www.carlacarvalhodias.com\/en\/politica-privacidade\/"]}]},{"@type":"BreadcrumbList","@id":"https:\/\/www.carlacarvalhodias.com\/en\/politica-privacidade\/#breadcrumb","itemListElement":[{"@type":"ListItem","position":1,"name":"In\u00edcio","item":"https:\/\/www.carlacarvalhodias.com\/en\/"},{"@type":"ListItem","position":2,"name":"Privacy policy"}]},{"@type":"WebSite","@id":"https:\/\/www.carlacarvalhodias.com\/en\/#website","url":"https:\/\/www.carlacarvalhodias.com\/en\/","name":"Carla Carvalho Dias","description":"","publisher":{"@id":"https:\/\/www.carlacarvalhodias.com\/en\/#\/schema\/person\/a47ef3cc1ae402ffafc38c851107e476"},"potentialAction":[{"@type":"SearchAction","target":{"@type":"EntryPoint","urlTemplate":"https:\/\/www.carlacarvalhodias.com\/en\/?s={search_term_string}"},"query-input":{"@type":"PropertyValueSpecification","valueRequired":true,"valueName":"search_term_string"}}],"inLanguage":"en-US"},{"@type":["Person","Organization"],"@id":"https:\/\/www.carlacarvalhodias.com\/en\/#\/schema\/person\/a47ef3cc1ae402ffafc38c851107e476","name":"wevolved","image":{"@type":"ImageObject","inLanguage":"en-US","@id":"https:\/\/secure.gravatar.com\/avatar\/161dfdc13024ad98cb4131fc501d56d9a1ff104fdd337423918c534b33b8fd9e?s=96&d=mm&r=g","url":"https:\/\/secure.gravatar.com\/avatar\/161dfdc13024ad98cb4131fc501d56d9a1ff104fdd337423918c534b33b8fd9e?s=96&d=mm&r=g","contentUrl":"https:\/\/secure.gravatar.com\/avatar\/161dfdc13024ad98cb4131fc501d56d9a1ff104fdd337423918c534b33b8fd9e?s=96&d=mm&r=g","caption":"wevolved"},"logo":{"@id":"https:\/\/secure.gravatar.com\/avatar\/161dfdc13024ad98cb4131fc501d56d9a1ff104fdd337423918c534b33b8fd9e?s=96&d=mm&r=g"},"sameAs":["https:\/\/www.carlacarvalhodias.com","https:\/\/www.facebook.com\/carlacarvdias","https:\/\/www.instagram.com\/carlacarvalhodias_oficial\/","https:\/\/www.linkedin.com\/in\/carlacarvalhodias\/","https:\/\/www.youtube.com\/c\/CarlaCarvalhoDias_CCD\/featured"]}]}},"_links":{"self":[{"href":"https:\/\/www.carlacarvalhodias.com\/en\/wp-json\/wp\/v2\/pages\/410","targetHints":{"allow":["GET"]}}],"collection":[{"href":"https:\/\/www.carlacarvalhodias.com\/en\/wp-json\/wp\/v2\/pages"}],"about":[{"href":"https:\/\/www.carlacarvalhodias.com\/en\/wp-json\/wp\/v2\/types\/page"}],"author":[{"embeddable":true,"href":"https:\/\/www.carlacarvalhodias.com\/en\/wp-json\/wp\/v2\/users\/1"}],"replies":[{"embeddable":true,"href":"https:\/\/www.carlacarvalhodias.com\/en\/wp-json\/wp\/v2\/comments?post=410"}],"version-history":[{"count":1,"href":"https:\/\/www.carlacarvalhodias.com\/en\/wp-json\/wp\/v2\/pages\/410\/revisions"}],"predecessor-version":[{"id":411,"href":"https:\/\/www.carlacarvalhodias.com\/en\/wp-json\/wp\/v2\/pages\/410\/revisions\/411"}],"wp:attachment":[{"href":"https:\/\/www.carlacarvalhodias.com\/en\/wp-json\/wp\/v2\/media?parent=410"}],"curies":[{"name":"wp","href":"https:\/\/api.w.org\/{rel}","templated":true}]}}